{"id":2554,"date":"2023-03-02T12:12:48","date_gmt":"2023-03-02T17:12:48","guid":{"rendered":"https:\/\/www.emapadaule.gob.ec\/web\/?post_type=tribe_events&#038;p=2554"},"modified":"2023-03-21T16:25:16","modified_gmt":"2023-03-21T21:25:16","slug":"iii-simposio-dia-mundial-del-agua","status":"publish","type":"tribe_events","link":"https:\/\/www.emapadaule.gob.ec\/web\/evento\/iii-simposio-dia-mundial-del-agua\/","title":{"rendered":"III SIMPOSIO &#8211; D\u00cdA MUNDIAL DEL AGUA"},"content":{"rendered":"<p>La Empresa P\u00fablica Municipal de Agua Potable y Alcantarillado de Daule (EMAPA EP Daule) y la Alcald\u00eda de Daule tienen el agrado de invitar a:<\/p>\n<p style=\"text-align: center;\"><em><span style=\"font-size: 12pt;\"><strong>III SIMPOSIO &#8211; D\u00cdA MUNDIAL DEL AGUA &#8220;2023 ACELERAR EL CAMBIO&#8221;<\/strong><\/span><\/em><\/p>\n<table style=\"height: 207px; width: 98.876%; border-collapse: collapse;\">\n<tbody>\n<tr style=\"height: 24px; background-color: #5b9bd5;\">\n<td style=\"width: 17.0133%; height: 24px; text-align: center;\"><span style=\"color: #ffffff;\"><strong>TEMA<\/strong><\/span><\/td>\n<td style=\"width: 49.881%; height: 24px; text-align: center;\"><span style=\"color: #ffffff;\"><strong>PONENCIA<\/strong><\/span><\/td>\n<td style=\"width: 32.6225%; height: 24px; text-align: center;\"><span style=\"color: #ffffff;\"><strong>INSTITUCI\u00d3N<\/strong><\/span><\/td>\n<\/tr>\n<tr style=\"height: 100px;\">\n<td style=\"width: 17.0133%; height: 53px; text-align: center;\"><strong><span style=\"font-size: 9pt;\">Agua para la salud<\/span><\/strong><\/td>\n<td style=\"width: 49.881%; height: 53px;\"><span style=\"font-size: 9pt;\">&#8220;Acceso a agua segura y Programa Infancia con futuro higiene y saneamiento&#8221;<\/span><\/td>\n<td style=\"width: 32.6225%; height: 53px; text-align: center;\">MSP \/ MIES<\/td>\n<\/tr>\n<tr style=\"height: 100px;\">\n<td style=\"width: 17.0133%; height: 45px; text-align: center;\"><strong><span style=\"font-size: 9pt;\">Agua para el desarrollo<\/span><\/strong><\/td>\n<td style=\"width: 49.881%; height: 45px;\"><span style=\"font-size: 9pt;\">&#8220;Ciudades Inteligentes: Sector de Agua y Saneamiento, los principios de la IWA&#8221;<\/span><\/td>\n<td style=\"width: 32.6225%; height: 45px; text-align: center;\">AEISA<\/td>\n<\/tr>\n<tr style=\"height: 75px;\">\n<td style=\"width: 17.0133%; height: 20px; text-align: center;\" rowspan=\"2\"><strong><span style=\"font-size: 9pt;\">Agua para el clima<\/span><\/strong><strong><span style=\"font-size: 9pt;\"><br \/>\n<\/span><\/strong><\/td>\n<td style=\"width: 49.881%; height: 10px;\">&#8220;La Resiliencia y el Medio Ambiente&#8221;<\/td>\n<td style=\"width: 32.6225%; height: 10px; text-align: center;\">MINISTERIO DEL AMBIENTE, AGUA Y TRANSICI\u00d3N ECOL\u00d3GICA<\/td>\n<\/tr>\n<tr style=\"height: 75px;\">\n<td style=\"width: 49.881%; height: 10px;\">&#8220;Protecci\u00f3n Cuencas del R\u00edo Daule&#8221;<\/td>\n<td style=\"width: 32.6225%; text-align: center; height: 10px;\">FONDAGUA<\/td>\n<\/tr>\n<tr style=\"height: 100px;\">\n<td style=\"width: 17.0133%; height: 14px; text-align: center;\"><strong><span style=\"font-size: 9pt;\">Agua para la cooperaci\u00f3n<\/span><\/strong><\/td>\n<td style=\"width: 49.881%; height: 14px;\">Mecanismos de inversi\u00f3n. Nuevas fuentes de Financiamiento<\/td>\n<td style=\"width: 32.6225%; height: 14px; text-align: center;\"><\/td>\n<\/tr>\n<tr style=\"height: 100px;\">\n<td style=\"width: 17.0133%; height: 10px; text-align: center;\"><strong><span style=\"font-size: 9pt;\">Iniciativas y Experiencias<\/span><\/strong><\/td>\n<td style=\"width: 49.881%; height: 10px;\">Empresas e Instituciones nos cuentan<\/td>\n<td style=\"width: 32.6225%; height: 10px; text-align: center;\">FONDAGUA<\/td>\n<\/tr>\n<tr style=\"height: 75px; background-color: #fff7de;\">\n<td style=\"width: 17.0133%; height: 41px; text-align: center;\"><strong><span style=\"font-size: 9pt;\">Acci\u00f3n por el agua<\/span><\/strong><\/td>\n<td style=\"width: 82.5035%; height: 41px; text-align: center;\" colspan=\"2\"><strong>Agenda de Acci\u00f3n Daule 2023<\/strong><\/td>\n<\/tr>\n<\/tbody>\n<\/table>\n<p><img loading=\"lazy\" decoding=\"async\" class=\"aligncenter wp-image-2604 size-large\" style=\"margin-top: 0.857143rem; margin-bottom: 0.857143rem;\" src=\"https:\/\/www.emapadaule.gob.ec\/web\/wp-content\/uploads\/2023\/03\/337287724_893782205036181_7863864358933414993_n-1024x1024.jpg\" alt=\"\" width=\"1024\" height=\"1024\" srcset=\"https:\/\/www.emapadaule.gob.ec\/web\/wp-content\/uploads\/2023\/03\/337287724_893782205036181_7863864358933414993_n-1024x1024.jpg 1024w, https:\/\/www.emapadaule.gob.ec\/web\/wp-content\/uploads\/2023\/03\/337287724_893782205036181_7863864358933414993_n-150x150.jpg 150w, https:\/\/www.emapadaule.gob.ec\/web\/wp-content\/uploads\/2023\/03\/337287724_893782205036181_7863864358933414993_n-300x300.jpg 300w, https:\/\/www.emapadaule.gob.ec\/web\/wp-content\/uploads\/2023\/03\/337287724_893782205036181_7863864358933414993_n-768x768.jpg 768w, https:\/\/www.emapadaule.gob.ec\/web\/wp-content\/uploads\/2023\/03\/337287724_893782205036181_7863864358933414993_n-1170x1170.jpg 1170w, https:\/\/www.emapadaule.gob.ec\/web\/wp-content\/uploads\/2023\/03\/337287724_893782205036181_7863864358933414993_n-600x600.jpg 600w, https:\/\/www.emapadaule.gob.ec\/web\/wp-content\/uploads\/2023\/03\/337287724_893782205036181_7863864358933414993_n.jpg 2048w\" sizes=\"auto, (max-width: 1024px) 100vw, 1024px\" \/><\/p>\n<p><img loading=\"lazy\" decoding=\"async\" class=\"aligncenter wp-image-2603 size-large\" src=\"https:\/\/www.emapadaule.gob.ec\/web\/wp-content\/uploads\/2023\/03\/337153550_883007186141564_4310005216705970425_n-1024x1024.jpg\" alt=\"\" width=\"1024\" height=\"1024\" srcset=\"https:\/\/www.emapadaule.gob.ec\/web\/wp-content\/uploads\/2023\/03\/337153550_883007186141564_4310005216705970425_n-1024x1024.jpg 1024w, https:\/\/www.emapadaule.gob.ec\/web\/wp-content\/uploads\/2023\/03\/337153550_883007186141564_4310005216705970425_n-150x150.jpg 150w, https:\/\/www.emapadaule.gob.ec\/web\/wp-content\/uploads\/2023\/03\/337153550_883007186141564_4310005216705970425_n-300x300.jpg 300w, https:\/\/www.emapadaule.gob.ec\/web\/wp-content\/uploads\/2023\/03\/337153550_883007186141564_4310005216705970425_n-768x768.jpg 768w, https:\/\/www.emapadaule.gob.ec\/web\/wp-content\/uploads\/2023\/03\/337153550_883007186141564_4310005216705970425_n-1170x1170.jpg 1170w, https:\/\/www.emapadaule.gob.ec\/web\/wp-content\/uploads\/2023\/03\/337153550_883007186141564_4310005216705970425_n-600x600.jpg 600w, https:\/\/www.emapadaule.gob.ec\/web\/wp-content\/uploads\/2023\/03\/337153550_883007186141564_4310005216705970425_n.jpg 2048w\" sizes=\"auto, (max-width: 1024px) 100vw, 1024px\" \/><\/p>\n","protected":false},"excerpt":{"rendered":"<p>La Empresa P\u00fablica Municipal de Agua Potable y Alcantarillado de Daule (EMAPA EP Daule) y la Alcald\u00eda de Daule tienen el agrado de invitar a: III SIMPOSIO &#8211; D\u00cdA MUNDIAL DEL AGUA &#8220;2023 ACELERAR EL CAMBIO&#8221; TEMA PONENCIA INSTITUCI\u00d3N Agua para la salud &#8220;Acceso a agua segura y Programa Infancia<\/p>\n","protected":false},"author":1,"featured_media":2544,"template":"","meta":{"_tribe_events_status":"","_tribe_events_status_reason":"","footnotes":""},"tags":[],"tribe_events_cat":[],"class_list":["post-2554","tribe_events","type-tribe_events","status-publish","has-post-thumbnail","hentry"],"jetpack_sharing_enabled":true,"_links":{"self":[{"href":"https:\/\/www.emapadaule.gob.ec\/web\/wp-json\/wp\/v2\/tribe_events\/2554","targetHints":{"allow":["GET"]}}],"collection":[{"href":"https:\/\/www.emapadaule.gob.ec\/web\/wp-json\/wp\/v2\/tribe_events"}],"about":[{"href":"https:\/\/www.emapadaule.gob.ec\/web\/wp-json\/wp\/v2\/types\/tribe_events"}],"author":[{"embeddable":true,"href":"https:\/\/www.emapadaule.gob.ec\/web\/wp-json\/wp\/v2\/users\/1"}],"version-history":[{"count":11,"href":"https:\/\/www.emapadaule.gob.ec\/web\/wp-json\/wp\/v2\/tribe_events\/2554\/revisions"}],"predecessor-version":[{"id":2605,"href":"https:\/\/www.emapadaule.gob.ec\/web\/wp-json\/wp\/v2\/tribe_events\/2554\/revisions\/2605"}],"wp:featuredmedia":[{"embeddable":true,"href":"https:\/\/www.emapadaule.gob.ec\/web\/wp-json\/wp\/v2\/media\/2544"}],"wp:attachment":[{"href":"https:\/\/www.emapadaule.gob.ec\/web\/wp-json\/wp\/v2\/media?parent=2554"}],"wp:term":[{"taxonomy":"post_tag","embeddable":true,"href":"https:\/\/www.emapadaule.gob.ec\/web\/wp-json\/wp\/v2\/tags?post=2554"},{"taxonomy":"tribe_events_cat","embeddable":true,"href":"https:\/\/www.emapadaule.gob.ec\/web\/wp-json\/wp\/v2\/tribe_events_cat?post=2554"}],"curies":[{"name":"wp","href":"https:\/\/api.w.org\/{rel}","templated":true}]}}